{"id":9094,"date":"2024-04-30T10:06:39","date_gmt":"2024-04-30T08:06:39","guid":{"rendered":"https:\/\/jansen.es\/edificios-historicos\/"},"modified":"2024-06-14T13:56:56","modified_gmt":"2024-06-14T11:56:56","slug":"edificios-historicos","status":"publish","type":"page","link":"https:\/\/jansen.es\/pt-pt\/edificios-historicos\/","title":{"rendered":"Edif\u00edcios hist\u00f3ricos"},"content":{"rendered":"<p>[et_pb_section fb_built=&#8221;1&#8243; module_class=&#8221;seccion-principal-historicos&#8221; _builder_version=&#8221;4.25.0&#8243; _module_preset=&#8221;default&#8221; custom_margin=&#8221;0px||100px||false|false&#8221; custom_margin_tablet=&#8221;0px||50px||false|false&#8221; custom_margin_phone=&#8221;0px||0px||false|false&#8221; custom_margin_last_edited=&#8221;on|desktop&#8221; custom_padding=&#8221;0px||||false|false&#8221; global_colors_info=&#8221;{}&#8221;][et_pb_row _builder_version=&#8221;4.25.0&#8243; _module_preset=&#8221;default&#8221; background_color=&#8221;rgba(0,0,0,0.45)&#8221; background_image=&#8221;https:\/\/jansen.es\/wp-content\/uploads\/2024\/04\/Edificios-historicos-header.jpg&#8221; background_blend=&#8221;multiply&#8221; width=&#8221;100%&#8221; width_tablet=&#8221;100%&#8221; width_phone=&#8221;100%&#8221; width_last_edited=&#8221;on|phone&#8221; min_height=&#8221;385px&#8221; min_height_tablet=&#8221;150px&#8221; min_height_phone=&#8221;120px&#8221; min_height_last_edited=&#8221;on|phone&#8221; custom_padding=&#8221;175px||96px||false|false&#8221; global_colors_info=&#8221;{}&#8221;][et_pb_column type=&#8221;4_4&#8243; _builder_version=&#8221;4.23.4&#8243; _module_preset=&#8221;default&#8221; global_colors_info=&#8221;{}&#8221;][\/et_pb_column][\/et_pb_row][et_pb_row custom_padding_last_edited=&#8221;on|desktop&#8221; _builder_version=&#8221;4.23.4&#8243; _module_preset=&#8221;default&#8221; width=&#8221;60%&#8221; width_tablet=&#8221;80%&#8221; width_phone=&#8221;80%&#8221; width_last_edited=&#8221;on|phone&#8221; module_alignment=&#8221;left&#8221; custom_padding=&#8221;|||10%|false|false&#8221; custom_padding_tablet=&#8221;|||0%|false|false&#8221; custom_padding_phone=&#8221;|||0%|false|false&#8221; module_alignment_tablet=&#8221;center&#8221; module_alignment_phone=&#8221;center&#8221; module_alignment_last_edited=&#8221;on|desktop&#8221; global_colors_info=&#8221;{}&#8221;][et_pb_column type=&#8221;4_4&#8243; _builder_version=&#8221;4.23.4&#8243; _module_preset=&#8221;default&#8221; global_colors_info=&#8221;{}&#8221;][et_pb_heading title=&#8221;Edificios hist\u00f3ricos&#8221; _builder_version=&#8221;4.25.0&#8243; _module_preset=&#8221;default&#8221; title_font=&#8221;Jansen-News||||||||&#8221; title_text_align=&#8221;left&#8221; title_text_color=&#8221;#383838&#8243; title_font_size=&#8221;32px&#8221; title_line_height=&#8221;1.1em&#8221; custom_margin=&#8221;10px||20px||false|false&#8221; hover_enabled=&#8221;0&#8243; title_font_size_tablet=&#8221;32px&#8221; title_font_size_phone=&#8221;32px&#8221; title_font_size_last_edited=&#8221;on|phone&#8221; global_colors_info=&#8221;{}&#8221; sticky_enabled=&#8221;0&#8243;][\/et_pb_heading][et_pb_heading title=&#8221;Libertad y adaptabilidad de dise\u00f1o.&#8221; _builder_version=&#8221;4.25.0&#8243; _module_preset=&#8221;default&#8221; title_level=&#8221;h2&#8243; title_font=&#8221;Jansen-News||||||||&#8221; title_text_color=&#8221;gcid-88148382-a86f-42ca-b628-0f77d3caedc5&#8243; title_font_size=&#8221;28px&#8221; title_line_height=&#8221;1.2em&#8221; custom_margin=&#8221;||5px||false|false&#8221; custom_padding=&#8221;||0px||false|false&#8221; title_font_size_tablet=&#8221;28px&#8221; title_font_size_phone=&#8221;28px&#8221; title_font_size_last_edited=&#8221;on|phone&#8221; global_colors_info=&#8221;{%22gcid-88148382-a86f-42ca-b628-0f77d3caedc5%22:%91%22title_text_color%22%93}&#8221;][\/et_pb_heading][et_pb_text _builder_version=&#8221;4.23.4&#8243; _module_preset=&#8221;default&#8221; text_font=&#8221;Jansen-Book||||||||&#8221; text_text_color=&#8221;gcid-88148382-a86f-42ca-b628-0f77d3caedc5&#8243; text_font_size=&#8221;16px&#8221; text_line_height=&#8221;1.8em&#8221; global_colors_info=&#8221;{%22gcid-88148382-a86f-42ca-b628-0f77d3caedc5%22:%91%22text_text_color%22%93}&#8221;]<\/p>\n<p><span style=\"font-weight: 400;\">Los edificios de car\u00e1cter hist\u00f3rico, como pueden ser teatros, museos e iglesias han desempe\u00f1ado un importante papel en la sociedad desde tiempos inmemoriales. Es por ello que arquitect\u00f3nicamente, se trata de edificios de relevancia en lo que a su envolvente respecta, particularmente en el dise\u00f1o art\u00edstico de elementos como ventanas, puertas y fachadas de diferentes y atractivas geometr\u00edas y tama\u00f1os. Gracias a la experiencia de Jansen y a las caracter\u00edsticas del acero en el \u00e1mbito de la tecnolog\u00eda de curvado, estas formas espec\u00edficas de cada inmueble, como ventanas redondas o de arco de medio punto, se pueden reconstruir perfectamente manteniendo la est\u00e9tica original.<\/span><\/p>\n<p>[\/et_pb_text][et_pb_heading title=&#8221;Perfiles \u00fanicos \u2013 Personal profiles&#8221; _builder_version=&#8221;4.23.4&#8243; _module_preset=&#8221;default&#8221; title_level=&#8221;h2&#8243; title_font=&#8221;Jansen-News||||||||&#8221; title_text_color=&#8221;gcid-88148382-a86f-42ca-b628-0f77d3caedc5&#8243; title_font_size=&#8221;28px&#8221; title_line_height=&#8221;1.2em&#8221; custom_margin=&#8221;30px||5px||false|false&#8221; custom_padding=&#8221;||0px||false|false&#8221; title_font_size_tablet=&#8221;28px&#8221; title_font_size_phone=&#8221;28px&#8221; title_font_size_last_edited=&#8221;on|desktop&#8221; global_colors_info=&#8221;{%22gcid-88148382-a86f-42ca-b628-0f77d3caedc5%22:%91%22title_text_color%22%93}&#8221;][\/et_pb_heading][et_pb_text admin_label=&#8221;Texto&#8221; _builder_version=&#8221;4.23.4&#8243; _module_preset=&#8221;default&#8221; text_font=&#8221;Jansen-Book||||||||&#8221; text_text_color=&#8221;gcid-88148382-a86f-42ca-b628-0f77d3caedc5&#8243; text_font_size=&#8221;16px&#8221; text_line_height=&#8221;1.8em&#8221; text_font_size_tablet=&#8221;16px&#8221; text_font_size_phone=&#8221;16px&#8221; text_font_size_last_edited=&#8221;on|phone&#8221; global_colors_info=&#8221;{%22gcid-88148382-a86f-42ca-b628-0f77d3caedc5%22:%91%22text_text_color%22%93}&#8221;]<\/p>\n<p><span style=\"font-weight: 400;\">Con los Personal Profiles tambi\u00e9n se pueden reproducir con gran precisi\u00f3n y eficacia geometr\u00edas de perfiles antiguas, elaboradas a mano con mucho trabajo. Esto proporciona una estabilidad inercial adicional a las combinaciones de perfiles de ventanas y puertas de gran tama\u00f1o fabricadas mediante soldadura l\u00e1ser.<\/span><\/p>\n<p>[\/et_pb_text][\/et_pb_column][\/et_pb_row][\/et_pb_section][et_pb_section fb_built=&#8221;1&#8243; _builder_version=&#8221;4.23.4&#8243; _module_preset=&#8221;default&#8221; global_colors_info=&#8221;{}&#8221;][et_pb_row _builder_version=&#8221;4.23.4&#8243; _module_preset=&#8221;default&#8221; global_colors_info=&#8221;{}&#8221;][et_pb_column type=&#8221;4_4&#8243; _builder_version=&#8221;4.23.4&#8243; _module_preset=&#8221;default&#8221; global_colors_info=&#8221;{}&#8221;][et_pb_portfolio fullwidth=&#8221;off&#8221; posts_number=&#8221;12&#8243; show_categories=&#8221;off&#8221; _builder_version=&#8221;4.25.0&#8243; _module_preset=&#8221;default&#8221; global_colors_info=&#8221;{}&#8221;][\/et_pb_portfolio][\/et_pb_column][\/et_pb_row][\/et_pb_section]<\/p>\n","protected":false},"excerpt":{"rendered":"<p>Los edificios de car\u00e1cter hist\u00f3rico, como pueden ser teatros, museos e iglesias han desempe\u00f1ado un importante papel en la sociedad desde tiempos inmemoriales. Es por ello que arquitect\u00f3nicamente, se trata de edificios de relevancia en lo que a su envolvente respecta, particularmente en el dise\u00f1o art\u00edstico de elementos como ventanas, puertas y fachadas de diferentes [&hellip;]<\/p>\n","protected":false},"author":3,"featured_media":0,"parent":0,"menu_order":0,"comment_status":"closed","ping_status":"closed","template":"","meta":{"_et_pb_use_builder":"on","_et_pb_old_content":"","_et_gb_content_width":"","footnotes":""},"class_list":["post-9094","page","type-page","status-publish","hentry"],"acf":[],"yoast_head":"<!-- This site is optimized with the Yoast SEO plugin v27.5 - https:\/\/yoast.com\/product\/yoast-seo-wordpress\/ -->\n<title>Edif\u00edcios hist\u00f3ricos - Jansen<\/title>\n<meta name=\"robots\" content=\"index, follow, max-snippet:-1, max-image-preview:large, max-video-preview:-1\" \/>\n<link rel=\"canonical\" href=\"https:\/\/jansen.es\/pt-pt\/edificios-historicos\/\" \/>\n<meta property=\"og:locale\" content=\"pt_PT\" \/>\n<meta property=\"og:type\" content=\"article\" \/>\n<meta property=\"og:title\" content=\"Edif\u00edcios hist\u00f3ricos - Jansen\" \/>\n<meta property=\"og:description\" content=\"Los edificios de car\u00e1cter hist\u00f3rico, como pueden ser teatros, museos e iglesias han desempe\u00f1ado un importante papel en la sociedad desde tiempos inmemoriales. Es por ello que arquitect\u00f3nicamente, se trata de edificios de relevancia en lo que a su envolvente respecta, particularmente en el dise\u00f1o art\u00edstico de elementos como ventanas, puertas y fachadas de diferentes [&hellip;]\" \/>\n<meta property=\"og:site_name\" content=\"Jansen\" \/>\n<meta property=\"article:modified_time\" content=\"2024-06-14T11:56:56+00:00\" \/>\n<meta property=\"og:image\" content=\"https:\/\/jansen.es\/wp-content\/uploads\/2022\/04\/cropped-favicon_jansen.png\" \/>\n\t<meta property=\"og:image:width\" content=\"512\" \/>\n\t<meta property=\"og:image:height\" content=\"512\" \/>\n\t<meta property=\"og:image:type\" content=\"image\/png\" \/>\n<meta name=\"twitter:card\" content=\"summary_large_image\" \/>\n<meta name=\"twitter:label1\" content=\"Tempo estimado de leitura\" \/>\n\t<meta name=\"twitter:data1\" content=\"4 minutos\" \/>\n<script type=\"application\/ld+json\" class=\"yoast-schema-graph\">{\"@context\":\"https:\\\/\\\/schema.org\",\"@graph\":[{\"@type\":\"WebPage\",\"@id\":\"https:\\\/\\\/jansen.es\\\/pt-pt\\\/edificios-historicos\\\/\",\"url\":\"https:\\\/\\\/jansen.es\\\/pt-pt\\\/edificios-historicos\\\/\",\"name\":\"Edif\u00edcios hist\u00f3ricos - Jansen\",\"isPartOf\":{\"@id\":\"https:\\\/\\\/jansen.es\\\/#website\"},\"datePublished\":\"2024-04-30T08:06:39+00:00\",\"dateModified\":\"2024-06-14T11:56:56+00:00\",\"breadcrumb\":{\"@id\":\"https:\\\/\\\/jansen.es\\\/pt-pt\\\/edificios-historicos\\\/#breadcrumb\"},\"inLanguage\":\"pt-PT\",\"potentialAction\":[{\"@type\":\"ReadAction\",\"target\":[\"https:\\\/\\\/jansen.es\\\/pt-pt\\\/edificios-historicos\\\/\"]}]},{\"@type\":\"BreadcrumbList\",\"@id\":\"https:\\\/\\\/jansen.es\\\/pt-pt\\\/edificios-historicos\\\/#breadcrumb\",\"itemListElement\":[{\"@type\":\"ListItem\",\"position\":1,\"name\":\"Inicio\",\"item\":\"https:\\\/\\\/jansen.es\\\/pt-pt\\\/\"},{\"@type\":\"ListItem\",\"position\":2,\"name\":\"Edif\u00edcios hist\u00f3ricos\"}]},{\"@type\":\"WebSite\",\"@id\":\"https:\\\/\\\/jansen.es\\\/#website\",\"url\":\"https:\\\/\\\/jansen.es\\\/\",\"name\":\"Jansen\",\"description\":\"Empresa l\u00edder en la fabricaci\u00f3n de perfiles de acero para puertas y ventanas\",\"publisher\":{\"@id\":\"https:\\\/\\\/jansen.es\\\/#organization\"},\"alternateName\":\"Jansen\",\"potentialAction\":[{\"@type\":\"SearchAction\",\"target\":{\"@type\":\"EntryPoint\",\"urlTemplate\":\"https:\\\/\\\/jansen.es\\\/?s={search_term_string}\"},\"query-input\":{\"@type\":\"PropertyValueSpecification\",\"valueRequired\":true,\"valueName\":\"search_term_string\"}}],\"inLanguage\":\"pt-PT\"},{\"@type\":\"Organization\",\"@id\":\"https:\\\/\\\/jansen.es\\\/#organization\",\"name\":\"Jansen\",\"alternateName\":\"Jansen\",\"url\":\"https:\\\/\\\/jansen.es\\\/\",\"logo\":{\"@type\":\"ImageObject\",\"inLanguage\":\"pt-PT\",\"@id\":\"https:\\\/\\\/jansen.es\\\/#\\\/schema\\\/logo\\\/image\\\/\",\"url\":\"https:\\\/\\\/jansen.es\\\/wp-content\\\/uploads\\\/2022\\\/04\\\/favicon_jansen.png\",\"contentUrl\":\"https:\\\/\\\/jansen.es\\\/wp-content\\\/uploads\\\/2022\\\/04\\\/favicon_jansen.png\",\"width\":238,\"height\":230,\"caption\":\"Jansen\"},\"image\":{\"@id\":\"https:\\\/\\\/jansen.es\\\/#\\\/schema\\\/logo\\\/image\\\/\"},\"sameAs\":[\"https:\\\/\\\/www.instagram.com\\\/janseniberia\\\/\",\"https:\\\/\\\/www.pinterest.es\\\/janseniberia\\\/_created\\\/\",\"https:\\\/\\\/www.linkedin.com\\\/company\\\/metalco-arquitectura-en-acero-s.l.\\\/\"]}]}<\/script>\n<!-- \/ Yoast SEO plugin. -->","yoast_head_json":{"title":"Edif\u00edcios hist\u00f3ricos - Jansen","robots":{"index":"index","follow":"follow","max-snippet":"max-snippet:-1","max-image-preview":"max-image-preview:large","max-video-preview":"max-video-preview:-1"},"canonical":"https:\/\/jansen.es\/pt-pt\/edificios-historicos\/","og_locale":"pt_PT","og_type":"article","og_title":"Edif\u00edcios hist\u00f3ricos - Jansen","og_site_name":"Jansen","article_modified_time":"2024-06-14T11:56:56+00:00","og_image":[{"width":512,"height":512,"url":"https:\/\/jansen.es\/wp-content\/uploads\/2022\/04\/cropped-favicon_jansen.png","type":"image\/png"}],"twitter_card":"summary_large_image","twitter_misc":{"Tempo estimado de leitura":"4 minutos"},"schema":{"@context":"https:\/\/schema.org","@graph":[{"@type":"WebPage","@id":"https:\/\/jansen.es\/pt-pt\/edificios-historicos\/","url":"https:\/\/jansen.es\/pt-pt\/edificios-historicos\/","name":"Edif\u00edcios hist\u00f3ricos - Jansen","isPartOf":{"@id":"https:\/\/jansen.es\/#website"},"datePublished":"2024-04-30T08:06:39+00:00","dateModified":"2024-06-14T11:56:56+00:00","breadcrumb":{"@id":"https:\/\/jansen.es\/pt-pt\/edificios-historicos\/#breadcrumb"},"inLanguage":"pt-PT","potentialAction":[{"@type":"ReadAction","target":["https:\/\/jansen.es\/pt-pt\/edificios-historicos\/"]}]},{"@type":"BreadcrumbList","@id":"https:\/\/jansen.es\/pt-pt\/edificios-historicos\/#breadcrumb","itemListElement":[{"@type":"ListItem","position":1,"name":"Inicio","item":"https:\/\/jansen.es\/pt-pt\/"},{"@type":"ListItem","position":2,"name":"Edif\u00edcios hist\u00f3ricos"}]},{"@type":"WebSite","@id":"https:\/\/jansen.es\/#website","url":"https:\/\/jansen.es\/","name":"Jansen","description":"Empresa l\u00edder en la fabricaci\u00f3n de perfiles de acero para puertas y ventanas","publisher":{"@id":"https:\/\/jansen.es\/#organization"},"alternateName":"Jansen","potentialAction":[{"@type":"SearchAction","target":{"@type":"EntryPoint","urlTemplate":"https:\/\/jansen.es\/?s={search_term_string}"},"query-input":{"@type":"PropertyValueSpecification","valueRequired":true,"valueName":"search_term_string"}}],"inLanguage":"pt-PT"},{"@type":"Organization","@id":"https:\/\/jansen.es\/#organization","name":"Jansen","alternateName":"Jansen","url":"https:\/\/jansen.es\/","logo":{"@type":"ImageObject","inLanguage":"pt-PT","@id":"https:\/\/jansen.es\/#\/schema\/logo\/image\/","url":"https:\/\/jansen.es\/wp-content\/uploads\/2022\/04\/favicon_jansen.png","contentUrl":"https:\/\/jansen.es\/wp-content\/uploads\/2022\/04\/favicon_jansen.png","width":238,"height":230,"caption":"Jansen"},"image":{"@id":"https:\/\/jansen.es\/#\/schema\/logo\/image\/"},"sameAs":["https:\/\/www.instagram.com\/janseniberia\/","https:\/\/www.pinterest.es\/janseniberia\/_created\/","https:\/\/www.linkedin.com\/company\/metalco-arquitectura-en-acero-s.l.\/"]}]}},"_links":{"self":[{"href":"https:\/\/jansen.es\/pt-pt\/wp-json\/wp\/v2\/pages\/9094","targetHints":{"allow":["GET"]}}],"collection":[{"href":"https:\/\/jansen.es\/pt-pt\/wp-json\/wp\/v2\/pages"}],"about":[{"href":"https:\/\/jansen.es\/pt-pt\/wp-json\/wp\/v2\/types\/page"}],"author":[{"embeddable":true,"href":"https:\/\/jansen.es\/pt-pt\/wp-json\/wp\/v2\/users\/3"}],"replies":[{"embeddable":true,"href":"https:\/\/jansen.es\/pt-pt\/wp-json\/wp\/v2\/comments?post=9094"}],"version-history":[{"count":1,"href":"https:\/\/jansen.es\/pt-pt\/wp-json\/wp\/v2\/pages\/9094\/revisions"}],"predecessor-version":[{"id":9105,"href":"https:\/\/jansen.es\/pt-pt\/wp-json\/wp\/v2\/pages\/9094\/revisions\/9105"}],"wp:attachment":[{"href":"https:\/\/jansen.es\/pt-pt\/wp-json\/wp\/v2\/media?parent=9094"}],"curies":[{"name":"wp","href":"https:\/\/api.w.org\/{rel}","templated":true}]}}